{"id":174,"date":"2018-11-22T09:45:02","date_gmt":"2018-11-22T09:45:02","guid":{"rendered":"https:\/\/themepalacedemo.com\/pet-business-business-pro\/?page_id=171"},"modified":"2025-08-13T10:58:32","modified_gmt":"2025-08-13T10:58:32","slug":"about-us","status":"publish","type":"page","link":"https:\/\/avfertile.org\/?page_id=174","title":{"rendered":"Qui nous sommes"},"content":{"rendered":"<div class=\"page\" title=\"Page 2\">\n<div class=\"section\">\n<div class=\"layoutArea\">\n<div class=\"column\">\n<div dir=\"auto\" style=\"text-align: left;\"><strong>AVF-S\u00e9n\u00e9gal<\/strong> est une association de producteurs\/trices agricoles cr\u00e9\u00e9e le 20 Septembre 2020, reconnue par l\u2019\u00e9tat du S\u00e9n\u00e9gal le 25 Mars 2021. (N\u00b0 enregistrement : 2020 GRSL\/AA\/PMB du 23 Mars 2021). Ses membres se sont engag\u00e9s \u00e0 pratiquer une agriculture \u00e9cologique, durable, r\u00e9g\u00e9n\u00e9rative pour pr\u00e9server\/restaurer leurs bases productives agricoles \u00e0 travers l\u2019agroforesterie par les arbres fertilitaires. <strong>AVF-Sn<\/strong> par le paquet technique qu\u2019elle diffuse cherche \u00e0 restaurer la vie dans les sols et les \u00e9cosyst\u00e8mes naturels en associant toutes cultures v\u00e9g\u00e9tales avec des esp\u00e8ces d\u2019arbres dits fertilitaires \u00e0 croissance rapide.<\/div>\n<div dir=\"auto\" style=\"text-align: left;\">L\u2019objectif vis\u00e9 par AVF est de progresser \u00e0 un rythme annuel d\u2019environs 200 000 arbres plant\u00e9s par hectare\/an toutes esp\u00e8ces confondues (haies vives, brises vents, arbres fertilitaires, arbres fruitiers) soit 200 ha.<\/div>\n<div dir=\"auto\">&nbsp;<\/div>\n\n\t\t<div class=\"clearfix\"><\/div>\n\t\t<div class=\"about-author about-author-box container-wrapper\">\n\t\t\t<div class=\"author-avatar\">\n\t\t\t\t<img src=\"http:\/\/avfertile.org\/wp-content\/uploads\/2022\/01\/Capture-de\u0301cran-2022-01-05-a\u0300-19.53.03.jpg\" alt=\"\">\n\t\t\t<\/div>\n\t\t\t<div class=\"author-info\">\n\t\t\t\t<h4>Pr\u00e9sensation du Directeur ex\u00e9cutif<\/h4>L\u2019initiateur d\u2019AVF-S\u00e9n\u00e9gal est Mansour Ndiaye, Expert Agroforestier. C\u2019est lui qui a \u00e9t\u00e9 \u00e0 l\u2019origine de l\u2019introduction au S\u00e9n\u00e9gal du syst\u00e8me agroforestier portant sur l&rsquo;utilisation d\u2019arbres dits \u2018fertilitaires\u2019 \u00e0 travers l\u2019ONG APAF S\u00e9n\u00e9gal (Association pour la Promotion des Arbres Fertilitaires, de l\u2019Agroforesterie et de la foresterie), qu\u2019il avait lui-m\u00eame fond\u00e9e en 2014 et dont il fut le directeur ex\u00e9cutif jusqu\u2019en Octobre 2020. Depuis 2013, gr\u00e2ce \u00e0 la vision de M. Ndiaye, l\u2019ONG #APAF est intervenue dans plusieurs r\u00e9gions du S\u00e9n\u00e9gal pour faire la promotion de l\u2019agroforesterie par les Arbres Fertilitaires en milieu rural. Apr\u00e8s 7 ans de service, il quitta APAF S\u00e9n\u00e9gal pour cr\u00e9er avec un groupe de producteurs agricoles de la vall\u00e9e du fleuve S\u00e9n\u00e9gal l\u2019association Afrique Verte et Fertile-S\u00e9n\u00e9gal (AVF-SN) dont il est le Directeur ex\u00e9cutif. AVF-Sn est membre de la Plateforme Panafricaine d&rsquo;organisations nationales du m\u00eame nom qui poursuivent les m\u00eames missions et objectifs au Togo, Mali, Burkina Faso&rsquo;.\n\t\t\t<\/div>\n\t\t<\/div>\n\t\n\n\t\t<div class=\"clearfix\"><\/div>\n\t\t<hr style=\"margin-top:20px; margin-bottom:20px;\" class=\"divider divider-solid\">\n\t\n<h4>Mansour Ndiaye, ex Directeur ex\u00e9cutif de APAF-Sn (actuel de Directeur ex\u00e9cutif de AVF-Sn), invit\u00e9 \u00e0 l&rsquo;\u00e9v\u00e9nement de haut niveau sur l&rsquo;agroecologie co-organis\u00e9 par IPES-Food et le CTA (15 Janvier 2020)<\/h4>\n<p><iframe loading=\"lazy\" title=\"Promouvoir l\u2019agroforesterie et les connaissances traditionnelles M. Ndiaye, Directeur, APAF, S\u00e9n\u00e9gal\" width=\"500\" height=\"281\" src=\"https:\/\/www.youtube.com\/embed\/jAEs2LCXk-w?feature=oembed\" frameborder=\"0\" allow=\"accelerometer; autoplay; clipboard-write; encrypted-media; gyroscope; picture-in-picture\" allowfullscreen><\/iframe><\/p>\n\n\t\t<div class=\"clearfix\"><\/div>\n\t\t<hr style=\"margin-top:20px; margin-bottom:20px;\" class=\"divider divider-solid\">\n\t\n<h3>AVF-Se\u0301ne\u0301gal<\/h3>\n<ul>\n<li>AVF-Se\u0301ne\u0301gal est une association de producteurs agricoles cre\u0301e\u0301e en Novembre 2020.<\/li>\n<li>Elle diffuse un syste\u0300me agro-e\u0301cologique base\u0301 sur l\u2019agro-foresterie par les arbres fertilitaires.<\/li>\n<li>Son paquet technique cherche a\u0300 restaurer la vie dans les sols et les e\u0301cosyste\u0300mes naturels en association avec toutes cultures ve\u0301ge\u0301tales et arbres dits fertilitaires a\u0300 croissance rapide.<\/li>\n<\/ul>\n<h3><strong>La vision d&rsquo;AVF<\/strong><\/h3>\n<div class=\"page\" title=\"Page 3\">\n<div class=\"section\">\n<div class=\"layoutArea\">\n<div class=\"column\">\n<ul>\n<li>Contribuer au reverdissement du Se\u0301ne\u0301gal;<\/li>\n<li>Contribuer \u00e0 la diversification des cultures;<\/li>\n<li>Contribuer par l\u2019usage des arbres fertilitaires\/fourrager a la restauration des terres de\u0301grade\u0301es;<\/li>\n<li>Appuyer la cre\u0301ation de richesse au sein des me\u0301nages agricoles;<\/li>\n<li>Fixer les jeunes dans leurs villages..<\/li>\n<\/ul>\n<h3><strong>Les techniques d\u2019agroforesterie<\/strong><\/h3>\n<\/div>\n<\/div>\n<\/div>\n<\/div>\n<\/div>\n<\/div>\n<\/div>\n<\/div>\n\n\n<div class=\"wp-block-media-text is-stacked-on-mobile is-vertically-aligned-top\"><figure class=\"wp-block-media-text__media\"><img loading=\"lazy\" width=\"1024\" height=\"512\" src=\"https:\/\/avfertile.org\/wp-content\/uploads\/2025\/08\/IMG-20250730-WA0084-1024x512.jpg\" alt=\"\" class=\"wp-image-1733 size-full\" srcset=\"https:\/\/avfertile.org\/wp-content\/uploads\/2025\/08\/IMG-20250730-WA0084-1024x512.jpg 1024w, https:\/\/avfertile.org\/wp-content\/uploads\/2025\/08\/IMG-20250730-WA0084-300x150.jpg 300w, https:\/\/avfertile.org\/wp-content\/uploads\/2025\/08\/IMG-20250730-WA0084-768x384.jpg 768w, https:\/\/avfertile.org\/wp-content\/uploads\/2025\/08\/IMG-20250730-WA0084.jpg 1080w\" sizes=\"(max-width: 1024px) 100vw, 1024px\" \/><\/figure><div class=\"wp-block-media-text__content\">\n<div class=\"wp-block-columns are-vertically-aligned-top\">\n<div class=\"wp-block-column is-vertically-aligned-top\">\n<p>Les techniques d\u2019agroforesterie utilis\u00e9es associent des arbres fertilitaires inocul\u00e9s avec une double symbiose bact\u00e9ries- champignons mycorhizes \u00e0 toutes esp\u00e8ces v\u00e9g\u00e9tales: c\u00e9r\u00e9ales, l\u00e9gumes, fruitiers, fourragers herbac\u00e9es\u2026) .<\/p>\n<\/div>\n<\/div>\n<\/div><\/div>\n","protected":false},"excerpt":{"rendered":"<p>AVF-S\u00e9n\u00e9gal est une association de producteurs\/trices agricoles cr\u00e9\u00e9e le 20 Septembre 2020, reconnue par l\u2019\u00e9tat du S\u00e9n\u00e9gal le 25 Mars 2021. (N\u00b0 enregistrement : 2020 GRSL\/AA\/PMB du 23 Mars 2021). Ses membres se sont engag\u00e9s \u00e0 pratiquer une agriculture \u00e9cologique, durable, r\u00e9g\u00e9n\u00e9rative pour pr\u00e9server\/restaurer leurs bases productives agricoles \u00e0 travers l\u2019agroforesterie par les arbres fertilitaires. &hellip;<\/p>\n","protected":false},"author":1,"featured_media":0,"parent":0,"menu_order":0,"comment_status":"closed","ping_status":"closed","template":"","meta":[],"_links":{"self":[{"href":"https:\/\/avfertile.org\/index.php?rest_route=\/wp\/v2\/pages\/174"}],"collection":[{"href":"https:\/\/avfertile.org\/index.php?rest_route=\/wp\/v2\/pages"}],"about":[{"href":"https:\/\/avfertile.org\/index.php?rest_route=\/wp\/v2\/types\/page"}],"author":[{"embeddable":true,"href":"https:\/\/avfertile.org\/index.php?rest_route=\/wp\/v2\/users\/1"}],"replies":[{"embeddable":true,"href":"https:\/\/avfertile.org\/index.php?rest_route=%2Fwp%2Fv2%2Fcomments&post=174"}],"version-history":[{"count":40,"href":"https:\/\/avfertile.org\/index.php?rest_route=\/wp\/v2\/pages\/174\/revisions"}],"predecessor-version":[{"id":1734,"href":"https:\/\/avfertile.org\/index.php?rest_route=\/wp\/v2\/pages\/174\/revisions\/1734"}],"wp:attachment":[{"href":"https:\/\/avfertile.org\/index.php?rest_route=%2Fwp%2Fv2%2Fmedia&parent=174"}],"curies":[{"name":"wp","href":"https:\/\/api.w.org\/{rel}","templated":true}]}}